{"id":1482,"date":"2025-11-14T15:26:50","date_gmt":"2025-11-14T15:26:50","guid":{"rendered":"https:\/\/www.consmi.it\/?page_id=1482"},"modified":"2026-06-15T14:22:05","modified_gmt":"2026-06-15T13:22:05","slug":"partner-institutions","status":"publish","type":"page","link":"https:\/\/www.consmi.it\/en\/international-cooperation\/partner-institutions\/","title":{"rendered":"Partner Institutions"},"content":{"rendered":"<style type=\"text\/css\" data-created_by=\"avia_inline_auto\" id=\"style-css-av-mhlwf2r7-717de98ffe90812ae75ca0be91624375\">\n.avia-section.av-mhlwf2r7-717de98ffe90812ae75ca0be91624375 .av-parallax .av-parallax-inner{\nbackground-repeat:no-repeat;\nbackground-image:url(https:\/\/www.consmi.it\/wp-content\/uploads\/2025\/11\/partner-institutions.jpg);\nbackground-position:50% 50%;\nbackground-attachment:scroll;\n}\n<\/style>\n<div id='av_section_1'  class='avia-section av-mhlwf2r7-717de98ffe90812ae75ca0be91624375 main_color avia-section-default avia-no-border-styling  avia-builder-el-0  el_before_av_submenu  avia-builder-el-first  avia-full-stretch av-parallax-section avia-bg-style-parallax av-minimum-height av-minimum-height-50 av-height-50  container_wrap fullsize'  data-section-bg-repeat='stretch' data-av_minimum_height_pc='50' data-av_min_height_opt='50'><div class='av-parallax' data-avia-parallax-ratio='0.3' ><div class='av-parallax-inner main_color avia-full-stretch'><\/div><\/div><div class='container av-section-cont-open' ><main  role=\"main\" itemprop=\"mainContentOfPage\"  class='template-page content  av-content-full alpha units'><div class='post-entry post-entry-type-page post-entry-1482'><div class='entry-content-wrapper clearfix'>\n\n<style type=\"text\/css\" data-created_by=\"avia_inline_auto\" id=\"style-css-av-mhlxu31z-bac3ce266d27a1341175e4a0bd204ab7\">\n#top .av-special-heading.av-mhlxu31z-bac3ce266d27a1341175e4a0bd204ab7{\npadding-bottom:10px;\ncolor:#ffffff;\n}\nbody .av-special-heading.av-mhlxu31z-bac3ce266d27a1341175e4a0bd204ab7 .av-special-heading-tag .heading-char{\nfont-size:25px;\n}\n.av-special-heading.av-mhlxu31z-bac3ce266d27a1341175e4a0bd204ab7 .special-heading-inner-border{\nborder-color:#ffffff;\n}\n.av-special-heading.av-mhlxu31z-bac3ce266d27a1341175e4a0bd204ab7 .av-subheading{\nfont-size:15px;\n}\nbody .av-special-heading.av-mhlxu31z-bac3ce266d27a1341175e4a0bd204ab7 .av-special-heading-tag .heading-wrap:before{\nborder-color:#ffffff;\n}\nbody .av-special-heading.av-mhlxu31z-bac3ce266d27a1341175e4a0bd204ab7 .av-special-heading-tag .heading-wrap:after{\nborder-color:#ffffff;\n}\n\n@media only screen and (min-width: 990px){ \n#top #wrap_all .av-special-heading.av-mhlxu31z-bac3ce266d27a1341175e4a0bd204ab7 .av-special-heading-tag{\nfont-size:60px;\n}\n}\n<\/style>\n<div  class='av-special-heading av-mhlxu31z-bac3ce266d27a1341175e4a0bd204ab7 av-special-heading-h1 custom-color-heading blockquote classic-quote classic-quote-left  avia-builder-el-1  avia-builder-el-no-sibling'><h1 class='av-special-heading-tag'  itemprop=\"headline\"  >Partner Institutions<\/h1><div class=\"special-heading-border\"><div class=\"special-heading-inner-border\"><\/div><\/div><\/div>\n\n<\/div><\/div><\/main><!-- close content main element --><\/div><\/div><div class='clear'><\/div><div id='sub_menu1'  class='av-submenu-container av-mhz1a0v5-16036e003c127303f496fc96d1c4088f header_color  avia-builder-el-2  el_after_av_section  el_before_av_section  av-sticky-submenu submenu-not-first container_wrap fullsize' style='z-index:301' ><div class='container av-menu-mobile-disabled av-submenu-pos-center'><ul id='av-custom-submenu-1' class='av-subnav-menu' role='menu'>\n<li class='menu-item av-mhz19hqq-56dd7a0fc203461b4d174e923b869e02 menu-item-top-level menu-item-top-level-1' role='menuitem'><a href='https:\/\/www.consmi.it\/en\/international-cooperation\/partner-institutions\/#erasmus'  ><span class='avia-bullet'><\/span><span class='avia-menu-text'>Erasmus+ partners<\/span><\/a><\/li>\n<li class='menu-item av-mhz1947k-4fb6c371fec59e7e92385a906138a0f9 menu-item-top-level menu-item-top-level-2' role='menuitem'><a href='https:\/\/www.consmi.it\/en\/international-cooperation\/partner-institutions\/#extra'  ><span class='avia-bullet'><\/span><span class='avia-menu-text'>Extra-EU network<\/span><\/a><\/li>\n<\/ul><\/div><\/div><div class='sticky_placeholder'><\/div>\n\n<style type=\"text\/css\" data-created_by=\"avia_inline_auto\" id=\"style-css-av-ur57-a83b4b3f125f671f06e6e18bfb0f8a22\">\n.avia-section.av-ur57-a83b4b3f125f671f06e6e18bfb0f8a22 .av-section-color-overlay{\nopacity:0.3;\nbackground-color:#ffffff;\n}\n<\/style>\n<div id='erasmus'  class='avia-section av-ur57-a83b4b3f125f671f06e6e18bfb0f8a22 main_color avia-section-default avia-no-border-styling  avia-builder-el-3  el_after_av_submenu  el_before_av_section  avia-bg-style-scroll av-section-color-overlay-active container_wrap fullsize'  ><div class=\"av-section-color-overlay-wrap\"><div class=\"av-section-color-overlay\"><\/div><div class='container av-section-cont-open' ><div class='template-page content  av-content-full alpha units'><div class='post-entry post-entry-type-page post-entry-1482'><div class='entry-content-wrapper clearfix'>\n<div  class='flex_column av-mtzmn-4bf69e8000ac63ffb5369738211571e8 av_one_full  avia-builder-el-4  el_before_av_one_third  avia-builder-el-first  first flex_column_div'     ><section  class='av_textblock_section av-mhp0ly0o-befd8a6dd019e2d208e5282c604d6070'   itemscope=\"itemscope\" itemtype=\"https:\/\/schema.org\/CreativeWork\" ><div class='avia_textblock'  itemprop=\"text\" ><h2 class=\"gutentor-single-item-title\">Erasmus Partners<\/h2>\n<p class=\"gutentor-single-item-title\">Thanks to the Erasmus+ programme, the Milan Conservatory can count on a very extensive network through which continuous exchanges of teachers, students and staff take place with the European partners.<\/p>\n<\/div><\/section><\/div><div class='flex_column_table av-mhz0bnku-2c3eb8dafef65d5e18f6f0ffe8f465f4 sc-av_one_third av-break-at-tablet-flextable av-equal-height-column-flextable'>\n<style type=\"text\/css\" data-created_by=\"avia_inline_auto\" id=\"style-css-av-mhz0bnku-2c3eb8dafef65d5e18f6f0ffe8f465f4\">\n@keyframes av_boxShadowEffect_av-mhz0bnku-2c3eb8dafef65d5e18f6f0ffe8f465f4-column {\n0%   { box-shadow:  0 0 0 0 #002657; opacity: 1; }\n100% { box-shadow:  0 0 3px 0 #002657; opacity: 1; }\n}\n.flex_column.av-mhz0bnku-2c3eb8dafef65d5e18f6f0ffe8f465f4{\nbox-shadow: 0 0 3px 0 #002657;\nborder-radius:20px 20px 20px 20px;\npadding:30px 30px 30px 30px;\nbackground-color:#ffffff;\n}\n<\/style>\n<div  class='flex_column av-mhz0bnku-2c3eb8dafef65d5e18f6f0ffe8f465f4 av_one_third  avia-builder-el-6  el_after_av_one_full  el_before_av_one_third  first av-break-at-tablet flex_column_table_cell av-equal-height-column av-align-top shadow-not-animated  column-top-margin'     ><section  class='av_textblock_section av-mhz093oc-baafc369df11126a52adc26d25fa699e'   itemscope=\"itemscope\" itemtype=\"https:\/\/schema.org\/CreativeWork\" ><div class='avia_textblock'  itemprop=\"text\" ><h2 class=\"gutentor-single-item-title\" style=\"text-align: center;\">Austria<\/h2>\n<p><a href=\"https:\/\/www.kug.ac.at\/en\/\" target=\"_blank\" rel=\"noopener\"><span lang=\"en-US\">A \u2013 Graz, University of Music and Performing Arts Graz<\/span><\/a><br \/>\n<a href=\"https:\/\/www.bruckneruni.ac.at\/de\/\" target=\"_blank\" rel=\"noopener\"><span lang=\"en-US\">A \u2013 Linz, <\/span>Anton Bruckner Private University<\/a><br \/>\n<a href=\"http:\/\/www.uni-mozarteum.at\/de\/\" target=\"_blank\" rel=\"noopener\"><span lang=\"en-US\">Salzburg, Mozarteum University<\/span><\/a><br \/>\n<a href=\"http:\/\/www.mdw.ac.at\/\" target=\"_blank\" rel=\"noopener\"><span lang=\"en-US\">A \u2013 Vienna, MDW University of Music and Performing Arts Vienna<\/span><\/a><br \/>\n<a href=\"http:\/\/www.muk.ac.at\/en\/programmes\/international-study-programmes\/erasmus.html\" target=\"_blank\" rel=\"noopener\"><span lang=\"en-US\">A \u2013 Vienna, MUK Private University of Music and Arts of the City of Vienna<\/span><\/a><\/p>\n<\/div><\/section><\/div><div class='av-flex-placeholder'><\/div>\n<style type=\"text\/css\" data-created_by=\"avia_inline_auto\" id=\"style-css-av-mhz0ea9j-d1423f2d591fdf6dcfc579bd790cf765\">\n@keyframes av_boxShadowEffect_av-mhz0ea9j-d1423f2d591fdf6dcfc579bd790cf765-column {\n0%   { box-shadow:  0 0 0 0 #002657; opacity: 1; }\n100% { box-shadow:  0 0 3px 0 #002657; opacity: 1; }\n}\n.flex_column.av-mhz0ea9j-d1423f2d591fdf6dcfc579bd790cf765{\nbox-shadow: 0 0 3px 0 #002657;\nborder-radius:20px 20px 20px 20px;\npadding:30px 30px 30px 30px;\n}\n<\/style>\n<div  class='flex_column av-mhz0ea9j-d1423f2d591fdf6dcfc579bd790cf765 av_one_third  avia-builder-el-8  el_after_av_one_third  el_before_av_one_third  av-break-at-tablet flex_column_table_cell av-equal-height-column av-align-top shadow-not-animated  column-top-margin'     ><section  class='av_textblock_section av-mhz09nip-6b76d944e7ea9fc043f5e24a6fd02d55'   itemscope=\"itemscope\" itemtype=\"https:\/\/schema.org\/CreativeWork\" ><div class='avia_textblock'  itemprop=\"text\" ><h2 class=\"gutentor-single-item-title\" style=\"text-align: center;\">Belgium<\/h2>\n<p><a href=\"https:\/\/ap-arts.be\/en\/royal-conservatoire-antwerp\" target=\"_blank\" rel=\"noopener\"><span lang=\"en-US\">BE \u2013 Antwerp, Royal Conservatoire Antwerp<\/span><\/a><br \/>\n<a href=\"http:\/\/www.conservatoire.be\/\" target=\"_blank\" rel=\"noopener\"><span lang=\"en-US\">BE \u2013 Brussels, Royal Conservatory of Brussels<\/span><\/a><br \/>\n<a href=\"http:\/\/www.kcb.be\/\" target=\"_blank\" rel=\"noopener\"><span lang=\"en-US\">BE \u2013 Brussels, Royal Conservatory of Brussels<\/span><\/a><br \/>\n<a href=\"https:\/\/www.hogent.be\/en\/\" target=\"_blank\" rel=\"noopener\"><span lang=\"en-US\">BE \u2013 Ghent, University College<\/span><\/a><br \/>\n<a href=\"https:\/\/orpheusinstituut.be\/\" target=\"_blank\" rel=\"noopener\"><span lang=\"en-US\">BE \u2013 Ghent, Orpheus Institute<\/span><\/a><\/p>\n<\/div><\/section><\/div><div class='av-flex-placeholder'><\/div>\n<style type=\"text\/css\" data-created_by=\"avia_inline_auto\" id=\"style-css-av-mhz0ew85-38bac96a296ab9dbd5209f736bfec470\">\n@keyframes av_boxShadowEffect_av-mhz0ew85-38bac96a296ab9dbd5209f736bfec470-column {\n0%   { box-shadow:  0 0 0 0 #002657; opacity: 1; }\n100% { box-shadow:  0 0 3px 0 #002657; opacity: 1; }\n}\n.flex_column.av-mhz0ew85-38bac96a296ab9dbd5209f736bfec470{\nbox-shadow: 0 0 3px 0 #002657;\nborder-radius:20px 20px 20px 20px;\npadding:30px 30px 30px 30px;\n}\n<\/style>\n<div  class='flex_column av-mhz0ew85-38bac96a296ab9dbd5209f736bfec470 av_one_third  avia-builder-el-10  el_after_av_one_third  el_before_av_one_third  av-break-at-tablet flex_column_table_cell av-equal-height-column av-align-top shadow-not-animated  column-top-margin'     ><section  class='av_textblock_section av-mhz0aewc-c682179be275a1dd060d0d61718450c3'   itemscope=\"itemscope\" itemtype=\"https:\/\/schema.org\/CreativeWork\" ><div class='avia_textblock'  itemprop=\"text\" ><h2 class=\"gutentor-single-item-title\" style=\"text-align: center;\">Bulgaria<\/h2>\n<p><a href=\"https:\/\/nma.bg\/en\/\" target=\"_blank\" rel=\"noopener\"><span lang=\"en-US\">BG \u2013 Sofia, National Academy of Music<\/span><\/a><br \/>\n<a href=\"https:\/\/try.artacademyplovdiv.com\/EN\/home.html\" target=\"_blank\" rel=\"noopener\">BG \u2013 Plovdiv, The Academy of Music, Dance and Fine Arts Prof. Asen Diamandiev<\/a><\/p>\n<\/div><\/section><\/div><\/div><!--close column table wrapper. Autoclose: 1 --><div class='flex_column_table av-mhz0o9bk-0fb6e7c9ea047d7c62fa17b3f535a6cd sc-av_one_third av-break-at-tablet-flextable av-equal-height-column-flextable'>\n<style type=\"text\/css\" data-created_by=\"avia_inline_auto\" id=\"style-css-av-mhz0o9bk-0fb6e7c9ea047d7c62fa17b3f535a6cd\">\n@keyframes av_boxShadowEffect_av-mhz0o9bk-0fb6e7c9ea047d7c62fa17b3f535a6cd-column {\n0%   { box-shadow:  0 0 0 0 #002657; opacity: 1; }\n100% { box-shadow:  0 0 3px 0 #002657; opacity: 1; }\n}\n.flex_column.av-mhz0o9bk-0fb6e7c9ea047d7c62fa17b3f535a6cd{\nbox-shadow: 0 0 3px 0 #002657;\nborder-radius:20px 20px 20px 20px;\npadding:30px 30px 30px 30px;\n}\n<\/style>\n<div  class='flex_column av-mhz0o9bk-0fb6e7c9ea047d7c62fa17b3f535a6cd av_one_third  avia-builder-el-12  el_after_av_one_third  el_before_av_one_third  first av-break-at-tablet flex_column_table_cell av-equal-height-column av-align-top shadow-not-animated  column-top-margin'     ><section  class='av_textblock_section av-mhz0jli4-94302b82fbe32e02f92dd3769011b514'   itemscope=\"itemscope\" itemtype=\"https:\/\/schema.org\/CreativeWork\" ><div class='avia_textblock'  itemprop=\"text\" ><h2 class=\"gutentor-single-item-title\" style=\"text-align: center;\">Czech Republic<\/h2>\n<p><a href=\"https:\/\/www.jamu.cz\/en\/\" target=\"_blank\" rel=\"noopener\"><span lang=\"en-US\">CZ \u2013 Brno, Jan\u00e1\u010dek Academy of Music and Performing Arts<\/span><\/a><br \/>\n<a href=\"http:\/\/www.amu.cz\/en?set_language=en\" target=\"_blank\" rel=\"noopener\"><span lang=\"en-US\">CZ \u2013 Prague, HAMU The Academy of Music and Performing Arts<\/span><\/a><\/p>\n<\/div><\/section><\/div><div class='av-flex-placeholder'><\/div>\n<style type=\"text\/css\" data-created_by=\"avia_inline_auto\" id=\"style-css-av-qexkju-326a2384305525d942dbf89bfd046efd\">\n@keyframes av_boxShadowEffect_av-qexkju-326a2384305525d942dbf89bfd046efd-column {\n0%   { box-shadow:  0 0 0 0 #002657; opacity: 1; }\n100% { box-shadow:  0 0 3px 0 #002657; opacity: 1; }\n}\n.flex_column.av-qexkju-326a2384305525d942dbf89bfd046efd{\nbox-shadow: 0 0 3px 0 #002657;\nborder-radius:20px 20px 20px 20px;\npadding:30px 30px 30px 30px;\n}\n<\/style>\n<div  class='flex_column av-qexkju-326a2384305525d942dbf89bfd046efd av_one_third  avia-builder-el-14  el_after_av_one_third  el_before_av_one_third  av-break-at-tablet flex_column_table_cell av-equal-height-column av-align-top shadow-not-animated  column-top-margin'     ><section  class='av_textblock_section av-mhz0k3i7-9f696c1fc72db2245db330c2ce4c54b9'   itemscope=\"itemscope\" itemtype=\"https:\/\/schema.org\/CreativeWork\" ><div class='avia_textblock'  itemprop=\"text\" ><h2 class=\"gutentor-single-item-title\" style=\"text-align: center;\">Denmark<\/h2>\n<p><a href=\"https:\/\/musikkons.dk\/en\/\" target=\"_blank\" rel=\"noopener\"><span lang=\"en-US\">DK \u2013 Aarhus, <\/span>The Royal Academy of Music<\/a><br \/>\n<a href=\"https:\/\/ddsks.dk\/en\/ddsks-copenhagen\" target=\"_blank\" rel=\"noopener\"><span lang=\"en-US\">DK \u2013 Copenhagen, The Danish National School of Performing Arts<\/span><\/a><br \/>\n<a href=\"https:\/\/rmc.dk\/en\" target=\"_blank\" rel=\"noopener\"><span lang=\"en-US\">DK \u2013 Copenhagen, Rytmisk Musikkonservatorium<\/span><\/a><br \/>\n<a href=\"https:\/\/www.dkdm.dk\/en?sc_lang=en\" target=\"_blank\" rel=\"noopener\"><span lang=\"en-US\">DK \u2013 Copenhagen, RDAM The Royal Danish Academy of Music<\/span><\/a><br \/>\n<a href=\"https:\/\/www.sdmk.dk\/en\/\" target=\"_blank\" rel=\"noopener\"><span lang=\"en-US\">DK \u2013 Odense, <\/span><span lang=\"en-US\">The Danish National Academy of Music<\/span><\/a><\/p>\n<\/div><\/section><\/div><div class='av-flex-placeholder'><\/div>\n<style type=\"text\/css\" data-created_by=\"avia_inline_auto\" id=\"style-css-av-o33qkq-8e7767d5d2660867b9730585d4caddeb\">\n@keyframes av_boxShadowEffect_av-o33qkq-8e7767d5d2660867b9730585d4caddeb-column {\n0%   { box-shadow:  0 0 0 0 #002657; opacity: 1; }\n100% { box-shadow:  0 0 3px 0 #002657; opacity: 1; }\n}\n.flex_column.av-o33qkq-8e7767d5d2660867b9730585d4caddeb{\nbox-shadow: 0 0 3px 0 #002657;\nborder-radius:20px 20px 20px 20px;\npadding:30px 30px 30px 30px;\n}\n<\/style>\n<div  class='flex_column av-o33qkq-8e7767d5d2660867b9730585d4caddeb av_one_third  avia-builder-el-16  el_after_av_one_third  el_before_av_one_third  av-break-at-tablet flex_column_table_cell av-equal-height-column av-align-top shadow-not-animated  column-top-margin'     ><section  class='av_textblock_section av-mhz0kle5-115ea1ba9147905eeb1206bec66e8077'   itemscope=\"itemscope\" itemtype=\"https:\/\/schema.org\/CreativeWork\" ><div class='avia_textblock'  itemprop=\"text\" ><h2 class=\"gutentor-single-item-title\" style=\"text-align: center;\">Estonia<\/h2>\n<p><a href=\"https:\/\/eamt.ee\/en\/\" target=\"_blank\" rel=\"noopener\">EE \u2013 Tallinn, Estonian Academy of Music and Theatre<\/a><\/p>\n<\/div><\/section><\/div><\/div><!--close column table wrapper. Autoclose: 1 --><div class='flex_column_table av-mhz0od6c-78da8e8dc91f5ce1aa2c0a9ac6c1a54a sc-av_one_third av-break-at-tablet-flextable av-equal-height-column-flextable'>\n<style type=\"text\/css\" data-created_by=\"avia_inline_auto\" id=\"style-css-av-mhz0od6c-78da8e8dc91f5ce1aa2c0a9ac6c1a54a\">\n@keyframes av_boxShadowEffect_av-mhz0od6c-78da8e8dc91f5ce1aa2c0a9ac6c1a54a-column {\n0%   { box-shadow:  0 0 0 0 #002657; opacity: 1; }\n100% { box-shadow:  0 0 3px 0 #002657; opacity: 1; }\n}\n.flex_column.av-mhz0od6c-78da8e8dc91f5ce1aa2c0a9ac6c1a54a{\nbox-shadow: 0 0 3px 0 #002657;\nborder-radius:20px 20px 20px 20px;\npadding:30px 30px 30px 30px;\n}\n<\/style>\n<div  class='flex_column av-mhz0od6c-78da8e8dc91f5ce1aa2c0a9ac6c1a54a av_one_third  avia-builder-el-18  el_after_av_one_third  el_before_av_two_third  first av-break-at-tablet flex_column_table_cell av-equal-height-column av-align-top shadow-not-animated  column-top-margin'     ><section  class='av_textblock_section av-mhz0l41q-37ac8c0555e749bfce7fd30395cf0a37'   itemscope=\"itemscope\" itemtype=\"https:\/\/schema.org\/CreativeWork\" ><div class='avia_textblock'  itemprop=\"text\" ><h2 class=\"gutentor-single-item-title\" style=\"text-align: center;\">Finland<\/h2>\n<p><a href=\"http:\/\/www.siba.fi\/en\/\" target=\"_blank\" rel=\"noopener\"><span lang=\"en-US\">SF \u2013 Helsinki, Sibelius Academy<\/span><\/a><br \/>\n<a href=\"https:\/\/www.savonia.fi\/en\/homepage\/\" target=\"_blank\" rel=\"noopener\"><span lang=\"en-US\">SF \u2013 Kuopio, Savonia University<\/span><\/a><\/p>\n<\/div><\/section><br \/>\n<section  class='av_textblock_section av-mhz0ll47-bd1f5fcf4e4855afcf06294ef397ce57'   itemscope=\"itemscope\" itemtype=\"https:\/\/schema.org\/CreativeWork\" ><div class='avia_textblock'  itemprop=\"text\" ><h2 class=\"gutentor-single-item-title\" style=\"text-align: center;\">France<\/h2>\n<p><a href=\"https:\/\/www.esmd.fr\/\" target=\"_blank\" rel=\"noopener\"><span lang=\"en-US\">F \u2013 Lille, Higher School of Music and Dance of Hauts-de-France<\/span><\/a><br \/>\n<a href=\"http:\/\/www.cnsmd-lyon.fr\/\" target=\"_blank\" rel=\"noopener\"><span lang=\"en-US\">F \u2013 Lyon, CNSMD National Conservatory of Music and Dance<\/span><\/a><br \/>\n<a href=\"https:\/\/www.conservatoiredeparis.fr\/fr\" target=\"_blank\" rel=\"noopener\"><span lang=\"en-US\">F \u2013 Paris, CNSMD National Conservatory of Music and Dance<\/span><\/a><br \/>\n<a href=\"https:\/\/www.pspbb.fr\/en\" target=\"_blank\" rel=\"noopener\">F \u2013 Paris PSPBB Higher Education Centre for Artistic Education Paris \u2013 Boulogne-Billancourt<\/a><br \/>\n<a href=\"https:\/\/www.hear.fr\/\" target=\"_blank\" rel=\"noopener\"><span lang=\"en-US\">F \u2013 Strasbourg, Higher Arts School of the Rhin<\/span><\/a><\/p>\n<\/div><\/section><\/p><\/div><div class='av-flex-placeholder'><\/div>\n<style type=\"text\/css\" data-created_by=\"avia_inline_auto\" id=\"style-css-av-gy10q-91e1f00e882fc1075fad79b826f26d01\">\n@keyframes av_boxShadowEffect_av-gy10q-91e1f00e882fc1075fad79b826f26d01-column {\n0%   { box-shadow:  0 0 0 0 #002657; opacity: 1; }\n100% { box-shadow:  0 0 3px 0 #002657; opacity: 1; }\n}\n.flex_column.av-gy10q-91e1f00e882fc1075fad79b826f26d01{\nbox-shadow: 0 0 3px 0 #002657;\nborder-radius:20px 20px 20px 20px;\npadding:30px 30px 30px 30px;\n}\n<\/style>\n<div  class='flex_column av-gy10q-91e1f00e882fc1075fad79b826f26d01 av_two_third  avia-builder-el-21  el_after_av_one_third  el_before_av_one_third  av-break-at-tablet flex_column_table_cell av-equal-height-column av-align-top shadow-not-animated  column-top-margin'     ><section  class='av_textblock_section av-mhz0xt36-a23b5513e05ee59857d9599a5893d3cb'   itemscope=\"itemscope\" itemtype=\"https:\/\/schema.org\/CreativeWork\" ><div class='avia_textblock'  itemprop=\"text\" ><h2 class=\"gutentor-single-item-title\" style=\"text-align: center;\">Germany<\/h2>\n<\/div><\/section><br \/>\n\n<style type=\"text\/css\" data-created_by=\"avia_inline_auto\" id=\"style-css-av-mqf7i52w-6ff36989b28bcfb771647127c0f8e6a5\">\n#top .av_textblock_section.av-mqf7i52w-6ff36989b28bcfb771647127c0f8e6a5 .avia_textblock{\ncolumn-count:2;\n}\n<\/style>\n<section  class='av_textblock_section av-mqf7i52w-6ff36989b28bcfb771647127c0f8e6a5'   itemscope=\"itemscope\" itemtype=\"https:\/\/schema.org\/CreativeWork\" ><div class='av-medium-hide av-small-hide av-mini-hide avia_textblock av_multi_colums'  itemprop=\"text\" ><p><a href=\"https:\/\/www.udk-berlin.de\/\" target=\"_blank\" rel=\"noopener\"><span lang=\"en-US\">D \u2013 Berlin, UdK <\/span>University of the Arts<\/a><br \/>\n<a href=\"http:\/\/www.hfm-detmold.de\/\" target=\"_blank\" rel=\"noopener\"><span lang=\"en-US\">D \u2013 Detmold, Detmold University of Music<\/span><\/a><br \/>\n<a href=\"https:\/\/www.hfmdd.de\/\" target=\"_blank\" rel=\"noopener\"><span lang=\"en-US\">D \u2013 Dresden, University of Music Carl Maria von Weber<\/span><\/a><br \/>\n<a href=\"http:\/\/www.hfmdk-frankfurt.info\/\" target=\"_blank\" rel=\"noopener\"><span lang=\"en-US\">D \u2013 Frankfurt, HfMDK University of Music and Performing Arts Frankfurt am Main<\/span><\/a><br \/>\n<a href=\"http:\/\/www.mh-freiburg.de\/\" target=\"_blank\" rel=\"noopener\"><span lang=\"en-US\">D \u2013 Freiburg, Freiburg Conservatoire of Music<\/span><\/a><br \/>\n<a href=\"https:\/\/www.hfmt-hamburg.de\/start\/\" target=\"_blank\" rel=\"noopener\"><span lang=\"en-US\">D \u2013 Hamburg, University of Music and Theatre Hamburg<\/span><\/a><br \/>\n<a href=\"https:\/\/www.hmtm-hannover.de\/en\/home\/\" target=\"_blank\" rel=\"noopener\"><span lang=\"en-US\">D \u2013 Hannover, HFMTM University of Music, Drama and Media Hannover<\/span><\/a><br \/>\n<a href=\"http:\/\/www.hfm-karlsruhe.de\/\" target=\"_blank\" rel=\"noopener\"><span lang=\"en-US\">D \u2013 Karlsruhe, Karlsruhe University of Music<\/span><\/a><br \/>\n<a href=\"http:\/\/www.hmt-leipzig.de\/\" target=\"_blank\" rel=\"noopener\"><span lang=\"en-US\">D \u2013 Leipzig, Felix Mendelssohn Bartholdy University of Music and Theatre<\/span><\/a><br \/>\n<a href=\"https:\/\/www.mh-luebeck.de\/en\" target=\"_blank\" rel=\"noopener\"><span lang=\"en-US\">D \u2013 L\u00fcbeck, L\u00fcbeck University of Music<\/span><\/a><br \/>\n<a href=\"http:\/\/www.muho-mannheim.de\/\" target=\"_blank\" rel=\"noopener\"><span lang=\"en-US\">D \u2013 Mannheim, Mannheim State University of Music and Performing Arts<\/span><\/a><br \/>\n<a href=\"https:\/\/hmtm.de\/\" target=\"_blank\" rel=\"noopener\"><span lang=\"en-US\">D \u2013 Munich, HMTM University of Music and Theatre Munich<\/span><\/a><br \/>\n<a href=\"https:\/\/www.uni-muenster.de\/Musikhochschule\/\" target=\"_blank\" rel=\"noopener\">D \u2013 M\u00fcnster College of Music<\/a><br \/>\n<a href=\"http:\/\/www.hfm-nuernberg.de\/home\/\" target=\"_blank\" rel=\"noopener\"><span lang=\"en-US\">D \u2013 Nuremberg, Nuremberg University of Music<\/span><\/a><br \/>\n<a href=\"https:\/\/www.hmt-rostock.de\/\" target=\"_blank\" rel=\"noopener\">D \u2013 Rostock, University of Music and Theatre Rostock<\/a><br \/>\n<a href=\"https:\/\/www.hfmsaar.de\/startseite\" target=\"_blank\" rel=\"noopener\"><span lang=\"en-US\">D \u2013 Saarbr\u00fccken, HfM Hochschule f\u00fcr Musik Saar<\/span><\/a><br \/>\n<a href=\"http:\/\/www.mh-stuttgart.de\/\" target=\"_blank\" rel=\"noopener\"><span lang=\"en-US\">D \u2013 Stuttgart, HMDK University of Music and Performing Arts<\/span><\/a><br \/>\n<a href=\"https:\/\/www.hfm-weimar.de\/start\" target=\"_blank\" rel=\"noopener\"><span lang=\"en-US\">D \u2013 Weimar, Franz Liszt University of Music Weimar<\/span><\/a><\/p>\n<\/div><\/section><br \/>\n<section  class='av_textblock_section av-mqf8s75l-32aa9b38949943be0ca09ee5979d62d0'   itemscope=\"itemscope\" itemtype=\"https:\/\/schema.org\/CreativeWork\" ><div class='av-desktop-hide avia_textblock'  itemprop=\"text\" ><p><a href=\"https:\/\/www.udk-berlin.de\/\" target=\"_blank\" rel=\"noopener\"><span lang=\"en-US\">D \u2013 Berlin, UdK <\/span>University of the Arts<\/a><br \/>\n<a href=\"http:\/\/www.hfm-detmold.de\/\" target=\"_blank\" rel=\"noopener\"><span lang=\"en-US\">D \u2013 Detmold, Detmold University of Music<\/span><\/a><br \/>\n<a href=\"https:\/\/www.hfmdd.de\/\" target=\"_blank\" rel=\"noopener\"><span lang=\"en-US\">D \u2013 Dresden, University of Music Carl Maria von Weber<\/span><\/a><br \/>\n<a href=\"http:\/\/www.hfmdk-frankfurt.info\/\" target=\"_blank\" rel=\"noopener\"><span lang=\"en-US\">D \u2013 Frankfurt, HfMDK University of Music and Performing Arts Frankfurt am Main<\/span><\/a><br \/>\n<a href=\"http:\/\/www.mh-freiburg.de\/\" target=\"_blank\" rel=\"noopener\"><span lang=\"en-US\">D \u2013 Freiburg, Freiburg Conservatoire of Music<\/span><\/a><br \/>\n<a href=\"https:\/\/www.hfmt-hamburg.de\/start\/\" target=\"_blank\" rel=\"noopener\"><span lang=\"en-US\">D \u2013 Hamburg, University of Music and Theatre Hamburg<\/span><\/a><br \/>\n<a href=\"https:\/\/www.hmtm-hannover.de\/en\/home\/\" target=\"_blank\" rel=\"noopener\"><span lang=\"en-US\">D \u2013 Hannover, HFMTM University of Music, Drama and Media Hannover<\/span><\/a><br \/>\n<a href=\"http:\/\/www.hfm-karlsruhe.de\/\" target=\"_blank\" rel=\"noopener\"><span lang=\"en-US\">D \u2013 Karlsruhe, Karlsruhe University of Music<\/span><\/a><br \/>\n<a href=\"http:\/\/www.hmt-leipzig.de\/\" target=\"_blank\" rel=\"noopener\"><span lang=\"en-US\">D \u2013 Leipzig, Felix Mendelssohn Bartholdy University of Music and Theatre<\/span><\/a><br \/>\n<a href=\"https:\/\/www.mh-luebeck.de\/en\" target=\"_blank\" rel=\"noopener\"><span lang=\"en-US\">D \u2013 L\u00fcbeck, L\u00fcbeck University of Music<\/span><\/a><br \/>\n<a href=\"http:\/\/www.muho-mannheim.de\/\" target=\"_blank\" rel=\"noopener\"><span lang=\"en-US\">D \u2013 Mannheim, Mannheim State University of Music and Performing Arts<\/span><\/a><br \/>\n<a href=\"https:\/\/hmtm.de\/\" target=\"_blank\" rel=\"noopener\"><span lang=\"en-US\">D \u2013 Munich, HMTM University of Music and Theatre Munich<\/span><\/a><br \/>\n<a href=\"https:\/\/www.uni-muenster.de\/Musikhochschule\/\" target=\"_blank\" rel=\"noopener\">D \u2013 M\u00fcnster College of Music<\/a><br \/>\n<a href=\"http:\/\/www.hfm-nuernberg.de\/home\/\" target=\"_blank\" rel=\"noopener\"><span lang=\"en-US\">D \u2013 Nuremberg, Nuremberg University of Music<\/span><\/a><br \/>\n<a href=\"https:\/\/www.hmt-rostock.de\/\" target=\"_blank\" rel=\"noopener\">D \u2013 Rostock, University of Music and Theatre Rostock<\/a><br \/>\n<a href=\"https:\/\/www.hfmsaar.de\/startseite\" target=\"_blank\" rel=\"noopener\"><span lang=\"en-US\">D \u2013 Saarbr\u00fccken, HfM Hochschule f\u00fcr Musik Saar<\/span><\/a><br \/>\n<a href=\"http:\/\/www.mh-stuttgart.de\/\" target=\"_blank\" rel=\"noopener\"><span lang=\"en-US\">D \u2013 Stuttgart, HMDK University of Music and Performing Arts<\/span><\/a><br \/>\n<a href=\"https:\/\/www.hfm-weimar.de\/start\" target=\"_blank\" rel=\"noopener\"><span lang=\"en-US\">D \u2013 Weimar, Franz Liszt University of Music Weimar<\/span><\/a><\/p>\n<\/div><\/section><\/p><\/div><\/div><!--close column table wrapper. Autoclose: 1 --><div class='flex_column_table av-mhz0qkby-5255651d6ad330c454229e537a02feb7 sc-av_one_third av-break-at-tablet-flextable av-equal-height-column-flextable'>\n<style type=\"text\/css\" data-created_by=\"avia_inline_auto\" id=\"style-css-av-mhz0qkby-5255651d6ad330c454229e537a02feb7\">\n@keyframes av_boxShadowEffect_av-mhz0qkby-5255651d6ad330c454229e537a02feb7-column {\n0%   { box-shadow:  0 0 0 0 #002657; opacity: 1; }\n100% { box-shadow:  0 0 3px 0 #002657; opacity: 1; }\n}\n.flex_column.av-mhz0qkby-5255651d6ad330c454229e537a02feb7{\nbox-shadow: 0 0 3px 0 #002657;\nborder-radius:20px 20px 20px 20px;\npadding:30px 30px 30px 30px;\n}\n<\/style>\n<div  class='flex_column av-mhz0qkby-5255651d6ad330c454229e537a02feb7 av_one_third  avia-builder-el-25  el_after_av_two_third  el_before_av_one_third  first av-break-at-tablet flex_column_table_cell av-equal-height-column av-align-top shadow-not-animated  column-top-margin'     ><section  class='av_textblock_section av-mhz0s1po-47774212f95e32a89b3f3b5ec45b628f'   itemscope=\"itemscope\" itemtype=\"https:\/\/schema.org\/CreativeWork\" ><div class='avia_textblock'  itemprop=\"text\" ><h2 class=\"gutentor-single-item-title\" style=\"text-align: center;\">Hungary<\/h2>\n<p><a href=\"https:\/\/uni.lisztacademy.hu\/\" target=\"_blank\" rel=\"noopener\"><span lang=\"en-US\">HU \u2013 Budapest, Liszt Ferenc Academy of Music<\/span><\/a><\/p>\n<\/div><\/section><\/div><div class='av-flex-placeholder'><\/div>\n<style type=\"text\/css\" data-created_by=\"avia_inline_auto\" id=\"style-css-av-j1r3pm-5f11fdb552d7a5471afcb07d5d7fc7ee\">\n@keyframes av_boxShadowEffect_av-j1r3pm-5f11fdb552d7a5471afcb07d5d7fc7ee-column {\n0%   { box-shadow:  0 0 0 0 #002657; opacity: 1; }\n100% { box-shadow:  0 0 3px 0 #002657; opacity: 1; }\n}\n.flex_column.av-j1r3pm-5f11fdb552d7a5471afcb07d5d7fc7ee{\nbox-shadow: 0 0 3px 0 #002657;\nborder-radius:20px 20px 20px 20px;\npadding:30px 30px 30px 30px;\n}\n<\/style>\n<div  class='flex_column av-j1r3pm-5f11fdb552d7a5471afcb07d5d7fc7ee av_one_third  avia-builder-el-27  el_after_av_one_third  el_before_av_one_third  av-break-at-tablet flex_column_table_cell av-equal-height-column av-align-top shadow-not-animated  column-top-margin'     ><section  class='av_textblock_section av-mhz0sofs-7533b7171b2bfe68535ae1f4416c6d3c'   itemscope=\"itemscope\" itemtype=\"https:\/\/schema.org\/CreativeWork\" ><div class='avia_textblock'  itemprop=\"text\" ><h2 class=\"gutentor-single-item-title\" style=\"text-align: center;\">Iceland<\/h2>\n<p><a href=\"http:\/\/www.lhi.is\/English\/\" target=\"_blank\" rel=\"noopener\"><span lang=\"en-US\">IS \u2013 Reykjavik, Iceland Academy of the Arts<\/span><\/a><\/p>\n<\/div><\/section><\/div><div class='av-flex-placeholder'><\/div>\n<style type=\"text\/css\" data-created_by=\"avia_inline_auto\" id=\"style-css-av-hpka0a-8badd1c382a3648df7b9a4b07760b6bf\">\n@keyframes av_boxShadowEffect_av-hpka0a-8badd1c382a3648df7b9a4b07760b6bf-column {\n0%   { box-shadow:  0 0 0 0 #002657; opacity: 1; }\n100% { box-shadow:  0 0 3px 0 #002657; opacity: 1; }\n}\n.flex_column.av-hpka0a-8badd1c382a3648df7b9a4b07760b6bf{\nbox-shadow: 0 0 3px 0 #002657;\nborder-radius:20px 20px 20px 20px;\npadding:30px 30px 30px 30px;\n}\n<\/style>\n<div  class='flex_column av-hpka0a-8badd1c382a3648df7b9a4b07760b6bf av_one_third  avia-builder-el-29  el_after_av_one_third  el_before_av_one_third  av-break-at-tablet flex_column_table_cell av-equal-height-column av-align-top shadow-not-animated  column-top-margin'     ><section  class='av_textblock_section av-mhz0t2se-9f32f5a30fa181fa5a4e5ee82cc6c103'   itemscope=\"itemscope\" itemtype=\"https:\/\/schema.org\/CreativeWork\" ><div class='avia_textblock'  itemprop=\"text\" ><h2 class=\"gutentor-single-item-title\" style=\"text-align: center;\">\u00c9ire<\/h2>\n<p><a href=\"https:\/\/www.riam.ie\/\" target=\"_blank\" rel=\"noopener\"><span lang=\"en-US\">Dublin, RIAM <\/span>Royal Irish Academy of Music<\/a><\/p>\n<\/div><\/section><\/div><\/div><!--close column table wrapper. Autoclose: 1 --><div class='flex_column_table av-6sj6q2-f50c7c19b8e457e408e1b40c78c1d8b1 sc-av_one_third av-break-at-tablet-flextable av-equal-height-column-flextable'>\n<style type=\"text\/css\" data-created_by=\"avia_inline_auto\" id=\"style-css-av-6sj6q2-f50c7c19b8e457e408e1b40c78c1d8b1\">\n@keyframes av_boxShadowEffect_av-6sj6q2-f50c7c19b8e457e408e1b40c78c1d8b1-column {\n0%   { box-shadow:  0 0 0 0 #002657; opacity: 1; }\n100% { box-shadow:  0 0 3px 0 #002657; opacity: 1; }\n}\n.flex_column.av-6sj6q2-f50c7c19b8e457e408e1b40c78c1d8b1{\nbox-shadow: 0 0 3px 0 #002657;\nborder-radius:20px 20px 20px 20px;\npadding:30px 30px 30px 30px;\n}\n<\/style>\n<div  class='flex_column av-6sj6q2-f50c7c19b8e457e408e1b40c78c1d8b1 av_one_third  avia-builder-el-31  el_after_av_one_third  el_before_av_one_third  first av-break-at-tablet flex_column_table_cell av-equal-height-column av-align-top shadow-not-animated  column-top-margin'     ><section  class='av_textblock_section av-6k8tze-94a7bd6727527174a1a450def9ce82af'   itemscope=\"itemscope\" itemtype=\"https:\/\/schema.org\/CreativeWork\" ><div class='avia_textblock'  itemprop=\"text\" ><h2 class=\"gutentor-single-item-title\" style=\"text-align: center;\">Latvia<\/h2>\n<p><a href=\"https:\/\/www.jvlma.lv\/en\" target=\"_blank\" rel=\"noopener\"><span lang=\"en-US\">LV \u2013 Riga, J\u0101zeps V\u012btols Latvian Academy of Music<\/span><\/a><\/p>\n<\/div><\/section><\/div><div class='av-flex-placeholder'><\/div>\n<style type=\"text\/css\" data-created_by=\"avia_inline_auto\" id=\"style-css-av-g5lj56-dc00b514bb22761e82a15569afd52da1\">\n@keyframes av_boxShadowEffect_av-g5lj56-dc00b514bb22761e82a15569afd52da1-column {\n0%   { box-shadow:  0 0 0 0 #002657; opacity: 1; }\n100% { box-shadow:  0 0 3px 0 #002657; opacity: 1; }\n}\n.flex_column.av-g5lj56-dc00b514bb22761e82a15569afd52da1{\nbox-shadow: 0 0 3px 0 #002657;\nborder-radius:20px 20px 20px 20px;\npadding:30px 30px 30px 30px;\n}\n<\/style>\n<div  class='flex_column av-g5lj56-dc00b514bb22761e82a15569afd52da1 av_one_third  avia-builder-el-33  el_after_av_one_third  el_before_av_one_third  av-break-at-tablet flex_column_table_cell av-equal-height-column av-align-top shadow-not-animated  column-top-margin'     ><section  class='av_textblock_section av-mhz0u0i3-a98d0b47e5353e387b97aeef9ff916e0'   itemscope=\"itemscope\" itemtype=\"https:\/\/schema.org\/CreativeWork\" ><div class='avia_textblock'  itemprop=\"text\" ><h2 class=\"gutentor-single-item-title\" style=\"text-align: center;\">Lithuania<\/h2>\n<p><a href=\"http:\/\/www.vdu.lt\/en\" target=\"_blank\" rel=\"noopener\"><span lang=\"en-US\">LT \u2013 Kaunas, Vytautas Magnus University<\/span><\/a><br \/>\n<a href=\"https:\/\/lmta.lt\/en\/\" target=\"_blank\" rel=\"noopener\"><span lang=\"en-US\">LT \u2013 Vilnius, LMTA Lietuvi\u0173 muzikos ir teatro akademija<\/span><\/a><\/p>\n<\/div><\/section><\/div><div class='av-flex-placeholder'><\/div>\n<style type=\"text\/css\" data-created_by=\"avia_inline_auto\" id=\"style-css-av-ec42be-2070bb47444a16444d5850ee91680efc\">\n@keyframes av_boxShadowEffect_av-ec42be-2070bb47444a16444d5850ee91680efc-column {\n0%   { box-shadow:  0 0 0 0 #002657; opacity: 1; }\n100% { box-shadow:  0 0 3px 0 #002657; opacity: 1; }\n}\n.flex_column.av-ec42be-2070bb47444a16444d5850ee91680efc{\nbox-shadow: 0 0 3px 0 #002657;\nborder-radius:20px 20px 20px 20px;\npadding:30px 30px 30px 30px;\n}\n<\/style>\n<div  class='flex_column av-ec42be-2070bb47444a16444d5850ee91680efc av_one_third  avia-builder-el-35  el_after_av_one_third  el_before_av_one_third  av-break-at-tablet flex_column_table_cell av-equal-height-column av-align-top shadow-not-animated  column-top-margin'     ><section  class='av_textblock_section av-mhz0uctu-0f643bf66ef69d287ec6debec58fb3cc'   itemscope=\"itemscope\" itemtype=\"https:\/\/schema.org\/CreativeWork\" ><div class='avia_textblock'  itemprop=\"text\" ><h2 class=\"gutentor-single-item-title\" style=\"text-align: center;\">Netherlands<\/h2>\n<p><a href=\"https:\/\/www.conservatoriumvanamsterdam.nl\/en\/\" target=\"_blank\" rel=\"noopener\"><span lang=\"en-US\">Amsterdam, Conservatorium van Amsterdam<\/span><\/a><br \/>\n<a href=\"http:\/\/www.conservatoriummaastricht.nl\/\" target=\"_blank\" rel=\"noopener\"><span lang=\"en-US\">Maastricht, Conservatorium Maastricht<\/span><\/a><br \/>\n<a href=\"https:\/\/www.codarts.nl\/en\/\" target=\"_blank\" rel=\"noopener\">Rotterdam, Codarts University for the Arts<\/a><br \/>\n<a href=\"https:\/\/www.hku.nl\/en\/home\" target=\"_blank\" rel=\"noopener\"><span lang=\"en-US\">NL \u2013 Utrecht, HKU Utrecht Conservatoire<\/span><\/a><\/p>\n<\/div><\/section><\/div><\/div><!--close column table wrapper. Autoclose: 1 --><div class='flex_column_table av-1bf7h6-4bcda20971518d669dd1c1fbc1656129 sc-av_one_third av-break-at-tablet-flextable av-equal-height-column-flextable'>\n<style type=\"text\/css\" data-created_by=\"avia_inline_auto\" id=\"style-css-av-1bf7h6-4bcda20971518d669dd1c1fbc1656129\">\n@keyframes av_boxShadowEffect_av-1bf7h6-4bcda20971518d669dd1c1fbc1656129-column {\n0%   { box-shadow:  0 0 0 0 #002657; opacity: 1; }\n100% { box-shadow:  0 0 3px 0 #002657; opacity: 1; }\n}\n.flex_column.av-1bf7h6-4bcda20971518d669dd1c1fbc1656129{\nbox-shadow: 0 0 3px 0 #002657;\nborder-radius:20px 20px 20px 20px;\npadding:30px 30px 30px 30px;\n}\n<\/style>\n<div  class='flex_column av-1bf7h6-4bcda20971518d669dd1c1fbc1656129 av_one_third  avia-builder-el-37  el_after_av_one_third  el_before_av_one_third  first av-break-at-tablet flex_column_table_cell av-equal-height-column av-align-top shadow-not-animated  column-top-margin'     ><section  class='av_textblock_section av-mhz0upzk-4223ef1204685a4d6295553d1286fd6e'   itemscope=\"itemscope\" itemtype=\"https:\/\/schema.org\/CreativeWork\" ><div class='avia_textblock'  itemprop=\"text\" ><h2 class=\"gutentor-single-item-title\" style=\"text-align: center;\">Norway<\/h2>\n<p class=\"gutentor-single-item-title\"><a href=\"https:\/\/nmh.no\/en\/\" target=\"_blank\" rel=\"noopener noreferrer\">N \u2013 Oslo, Norwegian Academy of Music<\/a><\/p>\n<\/div><\/section><\/div><div class='av-flex-placeholder'><\/div>\n<style type=\"text\/css\" data-created_by=\"avia_inline_auto\" id=\"style-css-av-aaqftm-29bf7e4d2d61e3172c77764b1eaa9be8\">\n@keyframes av_boxShadowEffect_av-aaqftm-29bf7e4d2d61e3172c77764b1eaa9be8-column {\n0%   { box-shadow:  0 0 0 0 #002657; opacity: 1; }\n100% { box-shadow:  0 0 3px 0 #002657; opacity: 1; }\n}\n.flex_column.av-aaqftm-29bf7e4d2d61e3172c77764b1eaa9be8{\nbox-shadow: 0 0 3px 0 #002657;\nborder-radius:20px 20px 20px 20px;\npadding:30px 30px 30px 30px;\n}\n<\/style>\n<div  class='flex_column av-aaqftm-29bf7e4d2d61e3172c77764b1eaa9be8 av_one_third  avia-builder-el-39  el_after_av_one_third  el_before_av_one_third  av-break-at-tablet flex_column_table_cell av-equal-height-column av-align-top shadow-not-animated  column-top-margin'     ><section  class='av_textblock_section av-mhz0vuq5-aa5aba245a622c7ad00385170da850f8'   itemscope=\"itemscope\" itemtype=\"https:\/\/schema.org\/CreativeWork\" ><div class='avia_textblock'  itemprop=\"text\" ><h2 class=\"gutentor-single-item-title\" style=\"text-align: center;\">Poland<\/h2>\n<p><a href=\"https:\/\/amuz.gda.pl\/en\" target=\"_blank\" rel=\"noopener\"><span lang=\"en-US\">Polish <\/span>Gda\u0144sk, Stanis\u0142aw Moniuszko Academy of Music in Gda\u0144sk<\/a><br \/>\n<a href=\"https:\/\/www.amuz.krakow.pl\/en\/\" target=\"_blank\" rel=\"noopener\"><span lang=\"en-US\">PL \u2013 Krak\u00f3w, The Krzysztof Penderecki Academy of Music in Krakow<\/span><\/a><br \/>\n<a href=\"https:\/\/www.amuz.lodz.pl\/index.php\/en\/\" target=\"_blank\" rel=\"noopener\">PL \u2013 \u0141\u00f3d\u017a, The Academy of Music in \u0141\u00f3d\u017a<\/a><br \/>\n<a href=\"http:\/\/www.amuz.edu.pl\/\" target=\"_blank\" rel=\"noopener\"><span lang=\"en-US\">PL \u2013 Poznan, I.J. Paderewski Academy of Music<\/span><\/a><br \/>\n<a href=\"https:\/\/chopin.edu.pl\/university\/about-the-umfc\" target=\"_blank\" rel=\"noopener\">PL \u2013 Warsaw, Chopin University of Music<\/a><br \/>\n<a href=\"https:\/\/amuz.wroc.pl\/\" target=\"_blank\" rel=\"noopener\"><span lang=\"en-US\">PL \u2013 Wroc\u0142aw, The Karol Lipi\u0144ski Academy of Music<\/span><\/a><\/p>\n<\/div><\/section><\/div><div class='av-flex-placeholder'><\/div>\n<style type=\"text\/css\" data-created_by=\"avia_inline_auto\" id=\"style-css-av-8si2bu-884e688dc65c4fc9906afbf4b29a3320\">\n@keyframes av_boxShadowEffect_av-8si2bu-884e688dc65c4fc9906afbf4b29a3320-column {\n0%   { box-shadow:  0 0 0 0 #002657; opacity: 1; }\n100% { box-shadow:  0 0 3px 0 #002657; opacity: 1; }\n}\n.flex_column.av-8si2bu-884e688dc65c4fc9906afbf4b29a3320{\nbox-shadow: 0 0 3px 0 #002657;\nborder-radius:20px 20px 20px 20px;\npadding:30px 30px 30px 30px;\n}\n<\/style>\n<div  class='flex_column av-8si2bu-884e688dc65c4fc9906afbf4b29a3320 av_one_third  avia-builder-el-41  el_after_av_one_third  el_before_av_one_third  av-break-at-tablet flex_column_table_cell av-equal-height-column av-align-top shadow-not-animated  column-top-margin'     ><section  class='av_textblock_section av-mhz0w72r-b012a7d6d52115ad63d2f92625bf652f'   itemscope=\"itemscope\" itemtype=\"https:\/\/schema.org\/CreativeWork\" ><div class='avia_textblock'  itemprop=\"text\" ><h2 class=\"gutentor-single-item-title\" style=\"text-align: center;\">Portugal<\/h2>\n<p><a href=\"https:\/\/www.ua.pt\/en\/deca\" target=\"_blank\" rel=\"noopener\">P \u2013 Aveiro, University of Aveiro<\/a><br \/>\n<a href=\"http:\/\/www.esml.ipl.pt\/\" target=\"_blank\" rel=\"noopener\">P \u2013 Lisbon, ESML Escola Superior de M\u00fasica de Lisboa<\/a><br \/>\n<a href=\"https:\/\/www.esmae.ipp.pt\/education\/schools\/esmae\" target=\"_blank\" rel=\"noopener\">P \u2013 Porto, ESMAE School of Music and Performing Arts<\/a><\/p>\n<\/div><\/section><\/div><\/div><!--close column table wrapper. Autoclose: 1 --><div class='flex_column_table av-6st1nu-3ec694df535cc6608b0ebe60639de087 sc-av_one_third av-break-at-tablet-flextable av-equal-height-column-flextable'>\n<style type=\"text\/css\" data-created_by=\"avia_inline_auto\" id=\"style-css-av-6st1nu-3ec694df535cc6608b0ebe60639de087\">\n@keyframes av_boxShadowEffect_av-6st1nu-3ec694df535cc6608b0ebe60639de087-column {\n0%   { box-shadow:  0 0 0 0 #002657; opacity: 1; }\n100% { box-shadow:  0 0 3px 0 #002657; opacity: 1; }\n}\n.flex_column.av-6st1nu-3ec694df535cc6608b0ebe60639de087{\nbox-shadow: 0 0 3px 0 #002657;\nborder-radius:20px 20px 20px 20px;\npadding:30px 30px 30px 30px;\n}\n<\/style>\n<div  class='flex_column av-6st1nu-3ec694df535cc6608b0ebe60639de087 av_one_third  avia-builder-el-43  el_after_av_one_third  el_before_av_two_third  first av-break-at-tablet flex_column_table_cell av-equal-height-column av-align-top shadow-not-animated  column-top-margin'     ><section  class='av_textblock_section av-mhz0wjdd-a921f185de7761baf002a14f7f406886'   itemscope=\"itemscope\" itemtype=\"https:\/\/schema.org\/CreativeWork\" ><div class='avia_textblock'  itemprop=\"text\" ><h2 class=\"gutentor-single-item-title\" style=\"text-align: center;\">Romania<\/h2>\n<p><a href=\"https:\/\/muzica.unitbv.ro\/en\/\" target=\"_blank\" rel=\"noopener\"><span lang=\"en-US\">RO \u2013 <\/span>Bra\u0219ov,<span lang=\"en-US\"> Transilvania University Faculty of Music<\/span><\/a><br \/>\n<a href=\"https:\/\/anmgd.ro\/en\/\" target=\"_blank\" rel=\"noopener\"><span lang=\"en-US\">RO \u2013 Cluj, Gheorghe Dima Music Academy<\/span><\/a><br \/>\n<a href=\"https:\/\/www.arteiasi.ro\/en\/\" target=\"_blank\" rel=\"noopener\"><span lang=\"en-US\">RO \u2013 Iasi, The George Enescu University of Arts<\/span><\/a><br \/>\n<a href=\"https:\/\/arte.uoradea.ro\/en\/music-department\" target=\"_blank\" rel=\"noopener\">RO \u2013 Oradea, University of Oradea, Faculty of Arts<\/a><\/p>\n<\/div><\/section><br \/>\n<section  class='av_textblock_section av-mhz0wxka-4f698e6f699b9ffc5df480f53ae0c3f5'   itemscope=\"itemscope\" itemtype=\"https:\/\/schema.org\/CreativeWork\" ><div class='avia_textblock'  itemprop=\"text\" ><h2 class=\"gutentor-single-item-title\" style=\"text-align: center;\">Slovenia<\/h2>\n<p><a href=\"https:\/\/www.ag.uni-lj.si\/en\" target=\"_blank\" rel=\"noopener\">SI \u2013 Ljubljana, University of Ljubljana Academy of Music<\/a><\/p>\n<\/div><\/section><\/p><\/div><div class='av-flex-placeholder'><\/div>\n<style type=\"text\/css\" data-created_by=\"avia_inline_auto\" id=\"style-css-av-55dcca-9a11357e3cfbaff3886761e4900a56bc\">\n@keyframes av_boxShadowEffect_av-55dcca-9a11357e3cfbaff3886761e4900a56bc-column {\n0%   { box-shadow:  0 0 0 0 #002657; opacity: 1; }\n100% { box-shadow:  0 0 3px 0 #002657; opacity: 1; }\n}\n.flex_column.av-55dcca-9a11357e3cfbaff3886761e4900a56bc{\nbox-shadow: 0 0 3px 0 #002657;\nborder-radius:20px 20px 20px 20px;\npadding:30px 30px 30px 30px;\n}\n<\/style>\n<div  class='flex_column av-55dcca-9a11357e3cfbaff3886761e4900a56bc av_two_third  avia-builder-el-46  el_after_av_one_third  el_before_av_one_third  av-break-at-tablet flex_column_table_cell av-equal-height-column av-align-top shadow-not-animated  column-top-margin'     ><section  class='av_textblock_section av-4rzinu-589e5f04a0dcc7107206e4a74049c525'   itemscope=\"itemscope\" itemtype=\"https:\/\/schema.org\/CreativeWork\" ><div class='avia_textblock'  itemprop=\"text\" ><h2 class=\"gutentor-single-item-title\" style=\"text-align: center;\">Spain<\/h2>\n<\/div><\/section><br \/>\n\n<style type=\"text\/css\" data-created_by=\"avia_inline_auto\" id=\"style-css-av-2k22p6-d10f4ea912b25d823ddc5bc170d19570\">\n#top .av_textblock_section.av-2k22p6-d10f4ea912b25d823ddc5bc170d19570 .avia_textblock{\ncolumn-count:2;\n}\n<\/style>\n<section  class='av_textblock_section av-2k22p6-d10f4ea912b25d823ddc5bc170d19570'   itemscope=\"itemscope\" itemtype=\"https:\/\/schema.org\/CreativeWork\" ><div class='av-medium-hide av-small-hide av-mini-hide avia_textblock av_multi_colums'  itemprop=\"text\" ><p><a href=\"https:\/\/www.csmalicante.com\/\" target=\"_blank\" rel=\"noopener\">E \u2013 Alicante, \u00d3scar Espl\u00e1 Higher Conservatory of Music of Alicante<\/a><br \/>\n<a href=\"http:\/\/www.csmcoruna.com\/\" target=\"_blank\" rel=\"noopener\">E \u2013 A Coru\u00f1a, A Coru\u00f1a Higher Conservatory of Music<\/a><br \/>\n<a href=\"https:\/\/www.csmclm.com\/es\/\" target=\"_blank\" rel=\"noopener\">E \u2013 Albacete, Higher Conservatory of Music of Castilla-La Mancha<\/a><br \/>\n<a href=\"http:\/\/www.conservatoriliceu.es\/\" target=\"_blank\" rel=\"noopener\">E \u2013 Barcelona, Barcelona Higher Conservatory of Music<\/a><br \/>\n<a href=\"https:\/\/www.esmuc.cat\/\" target=\"_blank\" rel=\"noopener\">E \u2013 Barcelona, ESMUC Catalonia's Higher Music School<\/a><br \/>\n<a href=\"https:\/\/www.eolia.cat\/it\/\" target=\"_blank\" rel=\"noopener\">E \u2013 Barcelona, E\u00d2LIA Higher Centre of Dramatic Art<\/a><br \/>\n<a href=\"https:\/\/csmcordoba.com\/\" target=\"_blank\" rel=\"noopener\">E \u2013 Cordoba, Rafael Orozco Higher Conservatory of Music of Cordoba<\/a><br \/>\n<a href=\"http:\/\/www.conservatoriosuperiorgranada.com\/\" target=\"_blank\" rel=\"noopener\">E \u2013 Granada, Royal Higher Conservatory of Music Victoria Eugenia of Granada<\/a><br \/>\n<a href=\"http:\/\/www.internationalcsmc.es\/\" target=\"_blank\" rel=\"noopener\">E \u2013 Gran Canaria and Tenerife, Higher Conservatory of Music of the Canary Islands<\/a><br \/>\n<a href=\"https:\/\/katarinagurska.com\/\" target=\"_blank\" rel=\"noopener\">E \u2013 Madrid, Katarina Gurska Higher Conservatory<\/a><br \/>\n<a href=\"https:\/\/escm.es\/\" target=\"_blank\" rel=\"noopener\">E \u2013 Madrid, Higher School of Singing<\/a><br \/>\n<a href=\"https:\/\/rcsmm.eu\/\" target=\"_blank\" rel=\"noopener\">E \u2013 Madrid, Royal Higher Conservatory of Music of Madrid<\/a><br \/>\n<a href=\"https:\/\/conservatoriosuperiormalaga.com\/\" target=\"_blank\" rel=\"noopener\">E \u2013 M\u00e1laga, M\u00e1laga Conservatoire of Music<\/a><br \/>\n<a href=\"https:\/\/consmupa.com\/\" target=\"_blank\" rel=\"noopener\"><span lang=\"en-US\">E \u2013 Oviedo, Higher Conservatory of Music of the Principality of Asturias<\/span><\/a><br \/>\n<a href=\"https:\/\/csmn.es\/\" target=\"_blank\" rel=\"noopener\"><span lang=\"en-US\">E \u2013 Pamplona, Higher Conservatory of Music of Navarre<\/span><\/a><br \/>\n<a href=\"https:\/\/www.coscyl.com\/\" target=\"_blank\" rel=\"noopener\">E \u2013 Salamanca, Higher Conservatory of Music of Castilla and Le\u00f3n<\/a><br \/>\n<a href=\"http:\/\/www.consev.es\/\" target=\"_blank\" rel=\"noopener\">E \u2013 Seville, Seville Higher Conservatory of Music Manuel Castillo<\/a><br \/>\n<a href=\"https:\/\/www.csmvalencia.es\/\" target=\"_blank\" rel=\"noopener\">E \u2013 Valencia, Joaqu\u00edn Rodrigo Higher Conservatory of Music of Valencia<\/a><br \/>\n<a href=\"https:\/\/esmarmusic.com\/\" target=\"_blank\" rel=\"noopener\">E \u2013 Valencia, ESMAR High Performance Music School<\/a><br \/>\n<a href=\"https:\/\/musikene.eus\/?lang=en\" target=\"_blank\" rel=\"noopener\">E \u2013 Musikene Basque Autonomous Community Centre for Music<\/a><br \/>\n<a href=\"https:\/\/www.csmvigo.com\/\" target=\"_blank\" rel=\"noopener\">E \u2013 Vigo, Conservatorio Superior de M\u00fasica de Vigo<\/a><br \/>\n<a href=\"https:\/\/csma.es\/\" target=\"_blank\" rel=\"noopener\">E \u2013 Zaragoza, Aragon Conservatory of Music<\/a><br \/>\n<a href=\"https:\/\/csmmurcia.com\/\" target=\"_blank\" rel=\"noopener\">E \u2013 Murcia, Manuel Massotti Littel Higher Conservatory of Music<\/a><\/p>\n<\/div><\/section><br \/>\n<section  class='av_textblock_section av-mqf8sk9g-d1ca4d553ce4fdcf2d650a19f7a651f4'   itemscope=\"itemscope\" itemtype=\"https:\/\/schema.org\/CreativeWork\" ><div class='av-desktop-hide avia_textblock'  itemprop=\"text\" ><p><a href=\"https:\/\/www.csmalicante.com\/\" target=\"_blank\" rel=\"noopener\">E \u2013 Alicante, \u00d3scar Espl\u00e1 Higher Conservatory of Music of Alicante<\/a><br \/>\n<a href=\"http:\/\/www.csmcoruna.com\/\" target=\"_blank\" rel=\"noopener\">E \u2013 A Coru\u00f1a, A Coru\u00f1a Higher Conservatory of Music<\/a><br \/>\n<a href=\"https:\/\/www.csmclm.com\/es\/\" target=\"_blank\" rel=\"noopener\">E \u2013 Albacete, Higher Conservatory of Music of Castilla-La Mancha<\/a><br \/>\n<a href=\"http:\/\/www.conservatoriliceu.es\/\" target=\"_blank\" rel=\"noopener\">E \u2013 Barcelona, Barcelona Higher Conservatory of Music<\/a><br \/>\n<a href=\"https:\/\/www.esmuc.cat\/\" target=\"_blank\" rel=\"noopener\">E \u2013 Barcelona, ESMUC Catalonia's Higher Music School<\/a><br \/>\n<a href=\"https:\/\/www.eolia.cat\/it\/\" target=\"_blank\" rel=\"noopener\">E \u2013 Barcelona, E\u00d2LIA Higher Centre of Dramatic Art<\/a><br \/>\n<a href=\"https:\/\/csmcordoba.com\/\" target=\"_blank\" rel=\"noopener\">E \u2013 Cordoba, Rafael Orozco Higher Conservatory of Music of Cordoba<\/a><br \/>\n<a href=\"http:\/\/www.conservatoriosuperiorgranada.com\/\" target=\"_blank\" rel=\"noopener\">E \u2013 Granada, Royal Higher Conservatory of Music Victoria Eugenia of Granada<\/a><br \/>\n<a href=\"http:\/\/www.internationalcsmc.es\/\" target=\"_blank\" rel=\"noopener\">E \u2013 Gran Canaria and Tenerife, Higher Conservatory of Music of the Canary Islands<\/a><br \/>\n<a href=\"https:\/\/katarinagurska.com\/\" target=\"_blank\" rel=\"noopener\">E \u2013 Madrid, Katarina Gurska Higher Conservatory<\/a><br \/>\n<a href=\"https:\/\/escm.es\/\" target=\"_blank\" rel=\"noopener\">E \u2013 Madrid, Higher School of Singing<\/a><br \/>\n<a href=\"https:\/\/rcsmm.eu\/\" target=\"_blank\" rel=\"noopener\">E \u2013 Madrid, Royal Higher Conservatory of Music of Madrid<\/a><br \/>\n<a href=\"https:\/\/conservatoriosuperiormalaga.com\/\" target=\"_blank\" rel=\"noopener\">E \u2013 M\u00e1laga, M\u00e1laga Conservatoire of Music<\/a><br \/>\n<a href=\"https:\/\/consmupa.com\/\" target=\"_blank\" rel=\"noopener\"><span lang=\"en-US\">E \u2013 Oviedo, Higher Conservatory of Music of the Principality of Asturias<\/span><\/a><br \/>\n<a href=\"https:\/\/csmn.es\/\" target=\"_blank\" rel=\"noopener\"><span lang=\"en-US\">E \u2013 Pamplona, Higher Conservatory of Music of Navarre<\/span><\/a><br \/>\n<a href=\"https:\/\/www.coscyl.com\/\" target=\"_blank\" rel=\"noopener\">E \u2013 Salamanca, Higher Conservatory of Music of Castilla and Le\u00f3n<\/a><br \/>\n<a href=\"http:\/\/www.consev.es\/\" target=\"_blank\" rel=\"noopener\">E \u2013 Seville, Seville Higher Conservatory of Music Manuel Castillo<\/a><br \/>\n<a href=\"https:\/\/www.csmvalencia.es\/\" target=\"_blank\" rel=\"noopener\">E \u2013 Valencia, Joaqu\u00edn Rodrigo Higher Conservatory of Music of Valencia<\/a><br \/>\n<a href=\"https:\/\/esmarmusic.com\/\" target=\"_blank\" rel=\"noopener\">E \u2013 Valencia, ESMAR High Performance Music School<\/a><br \/>\n<a href=\"https:\/\/musikene.eus\/?lang=en\" target=\"_blank\" rel=\"noopener\">E \u2013 Musikene Basque Autonomous Community Centre for Music<\/a><br \/>\n<a href=\"https:\/\/www.csmvigo.com\/\" target=\"_blank\" rel=\"noopener\">E \u2013 Vigo, Conservatorio Superior de M\u00fasica de Vigo<\/a><br \/>\n<a href=\"https:\/\/csma.es\/\" target=\"_blank\" rel=\"noopener\">E \u2013 Zaragoza, Aragon Conservatory of Music<\/a><br \/>\n<a href=\"https:\/\/csmmurcia.com\/\" target=\"_blank\" rel=\"noopener\">E \u2013 Murcia, Manuel Massotti Littel Higher Conservatory of Music<\/a><\/p>\n<\/div><\/section><\/p><\/div><\/div><!--close column table wrapper. Autoclose: 1 --><div class='flex_column_table av-2mpo22-1c9c168e2a82f9c3d744050a956c7764 sc-av_one_third av-break-at-tablet-flextable av-equal-height-column-flextable'>\n<style type=\"text\/css\" data-created_by=\"avia_inline_auto\" id=\"style-css-av-2mpo22-1c9c168e2a82f9c3d744050a956c7764\">\n@keyframes av_boxShadowEffect_av-2mpo22-1c9c168e2a82f9c3d744050a956c7764-column {\n0%   { box-shadow:  0 0 0 0 #002657; opacity: 1; }\n100% { box-shadow:  0 0 3px 0 #002657; opacity: 1; }\n}\n.flex_column.av-2mpo22-1c9c168e2a82f9c3d744050a956c7764{\nbox-shadow: 0 0 3px 0 #002657;\nborder-radius:20px 20px 20px 20px;\npadding:30px 30px 30px 30px;\n}\n<\/style>\n<div  class='flex_column av-2mpo22-1c9c168e2a82f9c3d744050a956c7764 av_one_third  avia-builder-el-50  el_after_av_two_third  el_before_av_one_third  first av-break-at-tablet flex_column_table_cell av-equal-height-column av-align-top shadow-not-animated  column-top-margin'     ><section  class='av_textblock_section av-mhz0xdug-1385a5e4b60dd58777e2db637b64173a'   itemscope=\"itemscope\" itemtype=\"https:\/\/schema.org\/CreativeWork\" ><div class='avia_textblock'  itemprop=\"text\" ><h2 class=\"gutentor-single-item-title\" style=\"text-align: center;\">Sweden<\/h2>\n<p><a href=\"http:\/\/www.kmh.se\/\" target=\"_blank\" rel=\"noopener\"><span lang=\"en-US\">SE \u2013 Stockholm, KMH The Royal College of Music in Stockholm<\/span><\/a><br \/>\n<a href=\"https:\/\/www.gu.se\/en\/music-drama\" target=\"_blank\" rel=\"noopener\"><span lang=\"en-US\">SE \u2013 Gothenburg, Academy of Music and Drama<\/span><\/a><br \/>\n<a href=\"https:\/\/www.mhm.lu.se\/en\/startsidan\" target=\"_blank\" rel=\"noopener\"><span lang=\"en-US\">SE \u2013 Lund University Malm\u00f6 Academy of Music<\/span><\/a><\/p>\n<\/div><\/section><\/div><div class='av-flex-placeholder'><\/div>\n<style type=\"text\/css\" data-created_by=\"avia_inline_auto\" id=\"style-css-av-4mj6re-739c10d31e61d93b37aeac2150ef3d80\">\n@keyframes av_boxShadowEffect_av-4mj6re-739c10d31e61d93b37aeac2150ef3d80-column {\n0%   { box-shadow:  0 0 0 0 #002657; opacity: 1; }\n100% { box-shadow:  0 0 3px 0 #002657; opacity: 1; }\n}\n.flex_column.av-4mj6re-739c10d31e61d93b37aeac2150ef3d80{\nbox-shadow: 0 0 3px 0 #002657;\nborder-radius:20px 20px 20px 20px;\npadding:30px 30px 30px 30px;\n}\n<\/style>\n<div  class='flex_column av-4mj6re-739c10d31e61d93b37aeac2150ef3d80 av_one_third  avia-builder-el-52  el_after_av_one_third  el_before_av_one_third  av-break-at-tablet flex_column_table_cell av-equal-height-column av-align-top shadow-not-animated  column-top-margin'     ><section  class='av_textblock_section av-mqf81h2s-6342368b8d5f4d0b9e1ad71a3c9ecfec'   itemscope=\"itemscope\" itemtype=\"https:\/\/schema.org\/CreativeWork\" ><div class='avia_textblock'  itemprop=\"text\" ><h2 class=\"gutentor-single-item-title\" style=\"text-align: center;\">Turkey<\/h2>\n<p><a href=\"https:\/\/konservatuvar.nisantasi.edu.tr\/?dil=eng\" target=\"_blank\" rel=\"noopener\"><span lang=\"en-US\">TR \u2013 <\/span>Istanbul, Ni\u015fanta\u015f\u0131 University Conservatory<\/a><br \/>\n<a href=\"https:\/\/www.istanbul.edu.tr\/en\/content\/academic\/conservatory\" target=\"_blank\" rel=\"noopener\"><span lang=\"en-US\">Istanbul University State Conservatory<\/span><\/a><br \/>\n<a href=\"https:\/\/gsf.deu.edu.tr\/en\/\" target=\"_blank\" rel=\"noopener\"><span lang=\"en-US\">TR \u2013 Izmir Dokuz Eyl\u00fcl University Faculty of Fine Arts<\/span><\/a><\/p>\n<\/div><\/section><\/div><div class='av-flex-placeholder'><\/div><div  class='flex_column av-2la0hm-71c20560b6a2b64fa1dde1b382e14bfc av_one_third  avia-builder-el-54  el_after_av_one_third  avia-builder-el-last  av-break-at-tablet flex_column_table_cell av-equal-height-column av-align-top  column-top-margin'     ><\/div><\/div><!--close column table wrapper. Autoclose: 1 --><\/div><\/div><\/div><!-- close content main div --><\/div><\/div><\/div>\n<style type=\"text\/css\" data-created_by=\"avia_inline_auto\" id=\"style-css-av-nlr60a-35a8a387a79e48848f0d41805ecc79e8\">\n.avia-section.av-nlr60a-35a8a387a79e48848f0d41805ecc79e8{\nbackground-color:#ebebeb;\nbackground-image:unset;\n}\n<\/style>\n<div id='extra'  class='avia-section av-nlr60a-35a8a387a79e48848f0d41805ecc79e8 main_color avia-section-default avia-no-border-styling  avia-builder-el-55  el_after_av_section  avia-builder-el-last  avia-bg-style-scroll container_wrap fullsize'  ><div class='container av-section-cont-open' ><div class='template-page content  av-content-full alpha units'><div class='post-entry post-entry-type-page post-entry-1482'><div class='entry-content-wrapper clearfix'>\n<div  class='flex_column av-mo2obe-6c4a388c9acc437c2f024d31f5402ad0 av_one_full  avia-builder-el-56  el_before_av_one_third  avia-builder-el-first  first flex_column_div'     ><section  class='av_textblock_section av-mhz10242-06b236f58e5d2b7eba7c439b11202daf'   itemscope=\"itemscope\" itemtype=\"https:\/\/schema.org\/CreativeWork\" ><div class='avia_textblock'  itemprop=\"text\" ><h2 class=\"gutentor-single-item-title\">Extra-EU Network<\/h2>\n<p class=\"gutentor-single-item-title\">Outside the European borders, various agreements allow the Milan Conservatory to actively cooperate on specific projects. Mobility of teachers and students to and from these institutions is possible under particular conditions.<\/p>\n<\/div><\/section><\/div><div class='flex_column_table av-ks41m2-99e836c875325d3610d28c9883244d6a sc-av_one_third av-break-at-tablet-flextable av-equal-height-column-flextable'>\n<style type=\"text\/css\" data-created_by=\"avia_inline_auto\" id=\"style-css-av-ks41m2-99e836c875325d3610d28c9883244d6a\">\n@keyframes av_boxShadowEffect_av-ks41m2-99e836c875325d3610d28c9883244d6a-column {\n0%   { box-shadow:  0 0 0 0 #002657; opacity: 1; }\n100% { box-shadow:  0 0 3px 0 #002657; opacity: 1; }\n}\n.flex_column.av-ks41m2-99e836c875325d3610d28c9883244d6a{\nbox-shadow: 0 0 3px 0 #002657;\nborder-radius:20px 20px 20px 20px;\npadding:30px 30px 30px 30px;\nbackground-color:#ebebeb;\n}\n<\/style>\n<div  class='flex_column av-ks41m2-99e836c875325d3610d28c9883244d6a av_one_third  avia-builder-el-58  el_after_av_one_full  el_before_av_one_third  first av-break-at-tablet flex_column_table_cell av-equal-height-column av-align-top shadow-not-animated  column-top-margin'     ><section  class='av_textblock_section av-mhz10mky-c853d347848a6222f94af36f13c7626c'   itemscope=\"itemscope\" itemtype=\"https:\/\/schema.org\/CreativeWork\" ><div class='avia_textblock'  itemprop=\"text\" ><h2 class=\"gutentor-single-item-title\" style=\"text-align: center;\">Armenia<\/h2>\n<p><a href=\"https:\/\/conservatory.am\/ru\" target=\"_blank\" rel=\"noopener\"><span lang=\"en-US\">AM \u2013 Yerevan, Komitas State Conservatory<\/span><\/a><\/p>\n<\/div><\/section><\/div><div class='av-flex-placeholder'><\/div>\n<style type=\"text\/css\" data-created_by=\"avia_inline_auto\" id=\"style-css-av-ho7eqy-bf9f8cb55eb9bc8d3a5574fc2ac10706\">\n@keyframes av_boxShadowEffect_av-ho7eqy-bf9f8cb55eb9bc8d3a5574fc2ac10706-column {\n0%   { box-shadow:  0 0 0 0 #002657; opacity: 1; }\n100% { box-shadow:  0 0 3px 0 #002657; opacity: 1; }\n}\n.flex_column.av-ho7eqy-bf9f8cb55eb9bc8d3a5574fc2ac10706{\nbox-shadow: 0 0 3px 0 #002657;\nborder-radius:20px 20px 20px 20px;\npadding:30px 30px 30px 30px;\n}\n<\/style>\n<div  class='flex_column av-ho7eqy-bf9f8cb55eb9bc8d3a5574fc2ac10706 av_one_third  avia-builder-el-60  el_after_av_one_third  el_before_av_one_third  av-break-at-tablet flex_column_table_cell av-equal-height-column av-align-top shadow-not-animated  column-top-margin'     ><section  class='av_textblock_section av-mhz11cnn-9cd62ad4fcf3d0e30b4368cddd565da3'   itemscope=\"itemscope\" itemtype=\"https:\/\/schema.org\/CreativeWork\" ><div class='avia_textblock'  itemprop=\"text\" ><h2 class=\"gutentor-single-item-title\" style=\"text-align: center;\">Georgia<\/h2>\n<p><a href=\"https:\/\/tsc.edu.ge\/en\/\" target=\"_blank\" rel=\"noopener\"><span lang=\"en-US\">Georgia \u2013 Tbilisi, V. Saradjishvili Tbilisi State Conservatoire<\/span><\/a><\/p>\n<\/div><\/section><\/div><div class='av-flex-placeholder'><\/div>\n<style type=\"text\/css\" data-created_by=\"avia_inline_auto\" id=\"style-css-av-ce0wze-682f38f690474716d842e37a94ffa7d1\">\n@keyframes av_boxShadowEffect_av-ce0wze-682f38f690474716d842e37a94ffa7d1-column {\n0%   { box-shadow:  0 0 0 0 #002657; opacity: 1; }\n100% { box-shadow:  0 0 3px 0 #002657; opacity: 1; }\n}\n.flex_column.av-ce0wze-682f38f690474716d842e37a94ffa7d1{\nbox-shadow: 0 0 3px 0 #002657;\nborder-radius:20px 20px 20px 20px;\npadding:30px 30px 30px 30px;\n}\n<\/style>\n<div  class='flex_column av-ce0wze-682f38f690474716d842e37a94ffa7d1 av_one_third  avia-builder-el-62  el_after_av_one_third  el_before_av_one_third  av-break-at-tablet flex_column_table_cell av-equal-height-column av-align-top shadow-not-animated  column-top-margin'     ><section  class='av_textblock_section av-mhz12hmx-fb5b9722eca1bd479ea61216555d4a53'   itemscope=\"itemscope\" itemtype=\"https:\/\/schema.org\/CreativeWork\" ><div class='avia_textblock'  itemprop=\"text\" ><h2 class=\"gutentor-single-item-title\" style=\"text-align: center;\">Israel<\/h2>\n<p><a href=\"https:\/\/www.jamd.ac.il\/en\" target=\"_blank\" rel=\"noopener\"><span lang=\"en-US\">Israel \u2013 JAMD The Jerusalem Academy of Music and Dance<\/span><\/a><\/p>\n<\/div><\/section><\/div><\/div><!--close column table wrapper. Autoclose: 1 -->\n<style type=\"text\/css\" data-created_by=\"avia_inline_auto\" id=\"style-css-av-27p46i-a0b6ac027f560a3c7961935b25301178\">\n@keyframes av_boxShadowEffect_av-27p46i-a0b6ac027f560a3c7961935b25301178-column {\n0%   { box-shadow:  0 0 0 0 #002657; opacity: 1; }\n100% { box-shadow:  0 0 3px 0 #002657; opacity: 1; }\n}\n.flex_column.av-27p46i-a0b6ac027f560a3c7961935b25301178{\nbox-shadow: 0 0 3px 0 #002657;\nborder-radius:20px 20px 20px 20px;\npadding:30px 30px 30px 30px;\n}\n<\/style>\n<div  class='flex_column av-27p46i-a0b6ac027f560a3c7961935b25301178 av_one_third  avia-builder-el-64  el_after_av_one_third  el_before_av_one_third  first flex_column_div shadow-not-animated  column-top-margin'     ><section  class='av_textblock_section av-mqf8oni9-66e37b7eae34f2b3753db4a86c4a7d0e'   itemscope=\"itemscope\" itemtype=\"https:\/\/schema.org\/CreativeWork\" ><div class='avia_textblock'  itemprop=\"text\" ><h2 class=\"gutentor-single-item-title\" style=\"text-align: center;\">Switzerland<\/h2>\n<p><span lang=\"en-US\"><a href=\"https:\/\/www.zhdk.ch\/en\/departments\/dmu\" target=\"_blank\" rel=\"noopener\">CH \u2013 Zurich, Zurich University of the Arts<\/a><br \/>\n<\/span><a href=\"https:\/\/www.hslu.ch\/en\/lucerne-school-of-music\/\" target=\"_blank\" rel=\"noopener\"><span lang=\"en-US\">CH \u2013 Lucerne, Lucerne School of Music<\/span><\/a><\/p>\n<\/div><\/section><\/div>\n<style type=\"text\/css\" data-created_by=\"avia_inline_auto\" id=\"style-css-av-8n1ipm-a2aeaede3210695196a5f44d91e156d4\">\n@keyframes av_boxShadowEffect_av-8n1ipm-a2aeaede3210695196a5f44d91e156d4-column {\n0%   { box-shadow:  0 0 0 0 #002657; opacity: 1; }\n100% { box-shadow:  0 0 3px 0 #002657; opacity: 1; }\n}\n.flex_column.av-8n1ipm-a2aeaede3210695196a5f44d91e156d4{\nbox-shadow: 0 0 3px 0 #002657;\nborder-radius:20px 20px 20px 20px;\npadding:30px 30px 30px 30px;\n}\n<\/style>\n<div  class='flex_column av-8n1ipm-a2aeaede3210695196a5f44d91e156d4 av_one_third  avia-builder-el-66  el_after_av_one_third  el_before_av_one_third  flex_column_div shadow-not-animated  column-top-margin'     ><section  class='av_textblock_section av-mhz13biv-35935885876878b4280faf9e21789883'   itemscope=\"itemscope\" itemtype=\"https:\/\/schema.org\/CreativeWork\" ><div class='avia_textblock'  itemprop=\"text\" ><h2 class=\"gutentor-single-item-title\" style=\"text-align: center;\">Ukraine<\/h2>\n<p><a href=\"https:\/\/knukim.edu.ua\/\" target=\"_blank\" rel=\"noopener\"><span lang=\"en-US\">UA \u2013 Kyiv, <\/span>Kyiv National University of Culture and Arts<\/a><br \/>\n<a href=\"https:\/\/knmau.com.ua\/en\/\" target=\"_blank\" rel=\"noopener\"><span lang=\"en-US\">UA \u2013 Kyiv, Ukrainian National Academy of Music<\/span><\/a><\/p>\n<\/div><\/section><\/div>\n<style type=\"text\/css\" data-created_by=\"avia_inline_auto\" id=\"style-css-av-299iy-e355347164b2cfd324eb72b5a74d35f9\">\n@keyframes av_boxShadowEffect_av-299iy-e355347164b2cfd324eb72b5a74d35f9-column {\n0%   { box-shadow:  0 0 0 0 #002657; opacity: 1; }\n100% { box-shadow:  0 0 3px 0 #002657; opacity: 1; }\n}\n.flex_column.av-299iy-e355347164b2cfd324eb72b5a74d35f9{\nbox-shadow: 0 0 3px 0 #002657;\nborder-radius:20px 20px 20px 20px;\npadding:30px 30px 30px 30px;\n}\n<\/style>\n<div  class='flex_column av-299iy-e355347164b2cfd324eb72b5a74d35f9 av_one_third  avia-builder-el-68  el_after_av_one_third  avia-builder-el-last  flex_column_div shadow-not-animated  column-top-margin'     ><section  class='av_textblock_section av-mhz14ctm-88ecacf4c506538f281144c77245d7c9'   itemscope=\"itemscope\" itemtype=\"https:\/\/schema.org\/CreativeWork\" ><div class='avia_textblock'  itemprop=\"text\" ><h2 class=\"gutentor-single-item-title\" style=\"text-align: center;\">United Kingdom<\/h2>\n<p><a href=\"http:\/\/www.bcu.ac.uk\/conservatoire\" target=\"_blank\" rel=\"noopener\"><span lang=\"en-US\">UK \u2013 Birmingham, Royal Birmingham Conservatoire<\/span><\/a><br \/>\n<a href=\"https:\/\/www.rcs.ac.uk\/\" target=\"_blank\" rel=\"noopener\">UK \u2013 Glasgow, The Royal Conservatoire of Scotland<\/a><br \/>\n<a href=\"http:\/\/www.trinitylaban.ac.uk\/\" target=\"_blank\" rel=\"noopener\"><span lang=\"en-US\">UK \u2013 London, Trinity Laban Conservatoire of Music and Dance<\/span><\/a><\/p>\n<\/div><\/section><\/div>\n<\/p>","protected":false},"excerpt":{"rendered":"","protected":false},"author":1,"featured_media":0,"parent":1475,"menu_order":0,"comment_status":"closed","ping_status":"closed","template":"","meta":{"_acf_changed":false,"footnotes":"","_members_access_role":[],"_members_access_error":""},"class_list":["post-1482","page","type-page","status-publish","hentry"],"acf":[],"yoast_head":"<!-- This site is optimized with the Yoast SEO plugin v28.3 - https:\/\/yoast.com\/product\/yoast-seo-wordpress\/ -->\n<title>Partner Institutions of Milan Conservatory<\/title>\n<meta name=\"description\" content=\"Erasmus Partners in Milan Conservatory can count on a very extensive network: teachers, students and staff take place with the European partners.\" \/>\n<meta name=\"robots\" content=\"index, follow, max-snippet:-1, max-image-preview:large, max-video-preview:-1\" \/>\n<link rel=\"canonical\" href=\"https:\/\/www.consmi.it\/en\/international-cooperation\/partner-institutions\/\" \/>\n<meta property=\"og:locale\" content=\"en_GB\" \/>\n<meta property=\"og:type\" content=\"article\" \/>\n<meta property=\"og:title\" content=\"Partner Institutions of Milan Conservatory\" \/>\n<meta property=\"og:description\" content=\"Erasmus Partners in Milan Conservatory can count on a very extensive network: teachers, students and staff take place with the European partners.\" \/>\n<meta property=\"og:url\" content=\"https:\/\/www.consmi.it\/en\/international-cooperation\/partner-institutions\/\" \/>\n<meta property=\"og:site_name\" content=\"Conservatorio Milano\" \/>\n<meta property=\"article:publisher\" content=\"https:\/\/www.facebook.com\/ConservatorioMI\/\" \/>\n<meta property=\"article:modified_time\" content=\"2026-06-15T13:22:05+00:00\" \/>\n<meta name=\"twitter:card\" content=\"summary_large_image\" \/>\n<meta name=\"twitter:site\" content=\"@ConservatorioMI\" \/>\n<meta name=\"twitter:label1\" content=\"Estimated reading time\" \/>\n\t<meta name=\"twitter:data1\" content=\"7 minutes\" \/>\n<script type=\"application\/ld+json\" class=\"yoast-schema-graph\">{\"@context\":\"https:\\\/\\\/schema.org\",\"@graph\":[{\"@type\":\"WebPage\",\"@id\":\"https:\\\/\\\/www.consmi.it\\\/international-cooperation\\\/partner-institutions\\\/\",\"url\":\"https:\\\/\\\/www.consmi.it\\\/international-cooperation\\\/partner-institutions\\\/\",\"name\":\"Partner Institutions of Milan Conservatory\",\"isPartOf\":{\"@id\":\"https:\\\/\\\/www.consmi.it\\\/#website\"},\"datePublished\":\"2025-11-14T15:26:50+00:00\",\"dateModified\":\"2026-06-15T13:22:05+00:00\",\"description\":\"Erasmus Partners in Milan Conservatory can count on a very extensive network: teachers, students and staff take place with the European partners.\",\"breadcrumb\":{\"@id\":\"https:\\\/\\\/www.consmi.it\\\/international-cooperation\\\/partner-institutions\\\/#breadcrumb\"},\"inLanguage\":\"en-GB\",\"potentialAction\":[{\"@type\":\"ReadAction\",\"target\":[\"https:\\\/\\\/www.consmi.it\\\/international-cooperation\\\/partner-institutions\\\/\"]}]},{\"@type\":\"BreadcrumbList\",\"@id\":\"https:\\\/\\\/www.consmi.it\\\/international-cooperation\\\/partner-institutions\\\/#breadcrumb\",\"itemListElement\":[{\"@type\":\"ListItem\",\"position\":1,\"name\":\"Home\",\"item\":\"https:\\\/\\\/www.consmi.it\\\/homepage\\\/\"},{\"@type\":\"ListItem\",\"position\":2,\"name\":\"International Cooperation\",\"item\":\"https:\\\/\\\/www.consmi.it\\\/international-cooperation\\\/\"},{\"@type\":\"ListItem\",\"position\":3,\"name\":\"Partner Institutions\"}]},{\"@type\":\"WebSite\",\"@id\":\"https:\\\/\\\/www.consmi.it\\\/#website\",\"url\":\"https:\\\/\\\/www.consmi.it\\\/\",\"name\":\"Conservatorio Milano\",\"description\":\"Conservatorio di Musica Giuseppe Verdi\",\"publisher\":{\"@id\":\"https:\\\/\\\/www.consmi.it\\\/#organization\"},\"potentialAction\":[{\"@type\":\"SearchAction\",\"target\":{\"@type\":\"EntryPoint\",\"urlTemplate\":\"https:\\\/\\\/www.consmi.it\\\/?s={search_term_string}\"},\"query-input\":{\"@type\":\"PropertyValueSpecification\",\"valueRequired\":true,\"valueName\":\"search_term_string\"}}],\"inLanguage\":\"en-GB\"},{\"@type\":\"Organization\",\"@id\":\"https:\\\/\\\/www.consmi.it\\\/#organization\",\"name\":\"Conservatorio di Musica \u201cGiuseppe Verdi\u201d\",\"url\":\"https:\\\/\\\/www.consmi.it\\\/\",\"logo\":{\"@type\":\"ImageObject\",\"inLanguage\":\"en-GB\",\"@id\":\"https:\\\/\\\/www.consmi.it\\\/#\\\/schema\\\/logo\\\/image\\\/\",\"url\":\"https:\\\/\\\/www.consmi.it\\\/wp-content\\\/uploads\\\/2025\\\/10\\\/logo-favicon-1.jpg\",\"contentUrl\":\"https:\\\/\\\/www.consmi.it\\\/wp-content\\\/uploads\\\/2025\\\/10\\\/logo-favicon-1.jpg\",\"width\":100,\"height\":100,\"caption\":\"Conservatorio di Musica \u201cGiuseppe Verdi\u201d\"},\"image\":{\"@id\":\"https:\\\/\\\/www.consmi.it\\\/#\\\/schema\\\/logo\\\/image\\\/\"},\"sameAs\":[\"https:\\\/\\\/www.facebook.com\\\/ConservatorioMI\\\/\",\"https:\\\/\\\/x.com\\\/ConservatorioMI\",\"https:\\\/\\\/www.instagram.com\\\/conservatorio_milano\\\/\",\"https:\\\/\\\/www.youtube.com\\\/channel\\\/UCiRafFpJ4Tak2lMHP-E9agw\"]}]}<\/script>\n<!-- \/ Yoast SEO plugin. -->","yoast_head_json":{"title":"Partner Institutions of Milan Conservatory","description":"Erasmus partners at Milan Conservatory can rely on a very extensive network: teachers, students and staff take part with European partners.","robots":{"index":"index","follow":"follow","max-snippet":"max-snippet:-1","max-image-preview":"max-image-preview:large","max-video-preview":"max-video-preview:-1"},"canonical":"https:\/\/www.consmi.it\/en\/international-cooperation\/partner-institutions\/","og_locale":"en_GB","og_type":"article","og_title":"Partner Institutions of Milan Conservatory","og_description":"Erasmus Partners in Milan Conservatory can count on a very extensive network: teachers, students and staff take place with the European partners.","og_url":"https:\/\/www.consmi.it\/en\/international-cooperation\/partner-institutions\/","og_site_name":"Conservatorio Milano","article_publisher":"https:\/\/www.facebook.com\/ConservatorioMI\/","article_modified_time":"2026-06-15T13:22:05+00:00","twitter_card":"summary_large_image","twitter_site":"@ConservatorioMI","twitter_misc":{"Estimated reading time":"7 minutes"},"schema":{"@context":"https:\/\/schema.org","@graph":[{"@type":"WebPage","@id":"https:\/\/www.consmi.it\/international-cooperation\/partner-institutions\/","url":"https:\/\/www.consmi.it\/international-cooperation\/partner-institutions\/","name":"Partner Institutions of Milan Conservatory","isPartOf":{"@id":"https:\/\/www.consmi.it\/#website"},"datePublished":"2025-11-14T15:26:50+00:00","dateModified":"2026-06-15T13:22:05+00:00","description":"Erasmus partners at Milan Conservatory can rely on a very extensive network: teachers, students and staff take part with European partners.","breadcrumb":{"@id":"https:\/\/www.consmi.it\/international-cooperation\/partner-institutions\/#breadcrumb"},"inLanguage":"en-GB","potentialAction":[{"@type":"ReadAction","target":["https:\/\/www.consmi.it\/international-cooperation\/partner-institutions\/"]}]},{"@type":"BreadcrumbList","@id":"https:\/\/www.consmi.it\/international-cooperation\/partner-institutions\/#breadcrumb","itemListElement":[{"@type":"ListItem","position":1,"name":"Home","item":"https:\/\/www.consmi.it\/homepage\/"},{"@type":"ListItem","position":2,"name":"International Cooperation","item":"https:\/\/www.consmi.it\/international-cooperation\/"},{"@type":"ListItem","position":3,"name":"Partner Institutions"}]},{"@type":"WebSite","@id":"https:\/\/www.consmi.it\/#website","url":"https:\/\/www.consmi.it\/","name":"Milan Conservatory","description":"Giuseppe Verdi Conservatory of Music","publisher":{"@id":"https:\/\/www.consmi.it\/#organization"},"potentialAction":[{"@type":"SearchAction","target":{"@type":"EntryPoint","urlTemplate":"https:\/\/www.consmi.it\/?s={search_term_string}"},"query-input":{"@type":"PropertyValueSpecification","valueRequired":true,"valueName":"search_term_string"}}],"inLanguage":"en-GB"},{"@type":"Organization","@id":"https:\/\/www.consmi.it\/#organization","name":"Giuseppe Verdi\u201c Conservatory of Music\u201d","url":"https:\/\/www.consmi.it\/","logo":{"@type":"ImageObject","inLanguage":"en-GB","@id":"https:\/\/www.consmi.it\/#\/schema\/logo\/image\/","url":"https:\/\/www.consmi.it\/wp-content\/uploads\/2025\/10\/logo-favicon-1.jpg","contentUrl":"https:\/\/www.consmi.it\/wp-content\/uploads\/2025\/10\/logo-favicon-1.jpg","width":100,"height":100,"caption":"Conservatorio di Musica \u201cGiuseppe Verdi\u201d"},"image":{"@id":"https:\/\/www.consmi.it\/#\/schema\/logo\/image\/"},"sameAs":["https:\/\/www.facebook.com\/ConservatorioMI\/","https:\/\/x.com\/ConservatorioMI","https:\/\/www.instagram.com\/conservatorio_milano\/","https:\/\/www.youtube.com\/channel\/UCiRafFpJ4Tak2lMHP-E9agw"]}]}},"_links":{"self":[{"href":"https:\/\/www.consmi.it\/en\/wp-json\/wp\/v2\/pages\/1482","targetHints":{"allow":["GET"]}}],"collection":[{"href":"https:\/\/www.consmi.it\/en\/wp-json\/wp\/v2\/pages"}],"about":[{"href":"https:\/\/www.consmi.it\/en\/wp-json\/wp\/v2\/types\/page"}],"author":[{"embeddable":true,"href":"https:\/\/www.consmi.it\/en\/wp-json\/wp\/v2\/users\/1"}],"replies":[{"embeddable":true,"href":"https:\/\/www.consmi.it\/en\/wp-json\/wp\/v2\/comments?post=1482"}],"version-history":[{"count":28,"href":"https:\/\/www.consmi.it\/en\/wp-json\/wp\/v2\/pages\/1482\/revisions"}],"predecessor-version":[{"id":7918,"href":"https:\/\/www.consmi.it\/en\/wp-json\/wp\/v2\/pages\/1482\/revisions\/7918"}],"up":[{"embeddable":true,"href":"https:\/\/www.consmi.it\/en\/wp-json\/wp\/v2\/pages\/1475"}],"wp:attachment":[{"href":"https:\/\/www.consmi.it\/en\/wp-json\/wp\/v2\/media?parent=1482"}],"curies":[{"name":"wp","href":"https:\/\/api.w.org\/{rel}","templated":true}]}}